{"id":105,"date":"2018-03-26T17:20:53","date_gmt":"2018-03-26T17:20:53","guid":{"rendered":"http:\/\/semiramishotel.hu\/?page_id=105"},"modified":"2018-06-27T07:30:01","modified_gmt":"2018-06-27T07:30:01","slug":"standard-szoba-2-kulon-aggyal","status":"publish","type":"page","link":"https:\/\/semiramishotel.hu\/hu\/szobak\/standard-szoba-2-kulon-aggyal\/","title":{"rendered":"Standard szoba 2 k\u00fcl\u00f6n \u00e1ggyal"},"content":{"rendered":"<p>[vc_row][vc_column width=&#8221;2\/3&#8243;]<div id=\"ultimate-heading-207269f3bfc125696\" class=\"uvc-heading ult-adjust-bottom-margin ultimate-heading-207269f3bfc125696 uvc-3509 \" data-hspacer=\"no_spacer\"  data-halign=\"left\" style=\"text-align:left\"><div class=\"uvc-heading-spacer no_spacer\" style=\"top\"><\/div><div class=\"uvc-main-heading ult-responsive\"  data-ultimate-target='.uvc-heading.ultimate-heading-207269f3bfc125696 p'  data-responsive-json-new='{\"font-size\":\"\",\"line-height\":\"\"}' ><p style=\"font-weight:normal;\">Standard szoba 2 k\u00fcl\u00f6n \u00e1ggyal<\/p><\/div><div class=\"uvc-sub-heading ult-responsive\"  data-ultimate-target='.uvc-heading.ultimate-heading-207269f3bfc125696 .uvc-sub-heading '  data-responsive-json-new='{\"font-size\":\"\",\"line-height\":\"\"}'  style=\"font-weight:normal;\"><\/p>\n<h2 style=\"text-align: left;\">Szobafelszerelts\u00e9g<\/h2>\n<p><\/div><\/div><div class=\"ult-spacer spacer-69f3bfc1256f7\" data-id=\"69f3bfc1256f7\" data-height=\"22\" data-height-mobile=\"22\" data-height-tab=\"22\" data-height-tab-portrait=\"\" data-height-mobile-landscape=\"\" style=\"clear:both;display:block;\"><\/div>[vc_separator color=&#8221;custom&#8221; align=&#8221;align_left&#8221; el_width=&#8221;10&#8243; accent_color=&#8221;#cbaa5c&#8221;][vc_column_text]A 2 k\u00fcl\u00f6n \u00e1ggyal rendelkez\u0151 standard szob\u00e1ink optim\u00e1lisak az \u00fczleti t\u00e1rgyal\u00e1sra \u00e9rkez\u0151 koll\u00e9g\u00e1k sz\u00e1m\u00e1ra. A szoba berendez\u00e9sei \u00e9s kialak\u00edt\u00e1sa is k\u00e9t f\u0151 sz\u00e1m\u00e1ra k\u00e9sz\u00fclt, gyors internetkapcsolattal rendelkezik, \u00edgy semmi nem g\u00e1tolja a hat\u00e9kony munkav\u00e9gz\u00e9st.<\/p>\n<p>Tov\u00e1bbi felszerelts\u00e9gekhez tartozik a l\u00e9gkondicion\u00e1l\u00f3, a s\u00edkk\u00e9perny\u0151s TV, valamint egy terasz.[\/vc_column_text][\/vc_column][vc_column width=&#8221;1\/3&#8243; css=&#8221;.vc_custom_1519815974557{padding-bottom: 30px !important;background-color: #f4f6f8 !important;}&#8221;]<div id=\"ultimate-heading-544769f3bfc125736\" class=\"uvc-heading ult-adjust-bottom-margin ultimate-heading-544769f3bfc125736 uvc-1359 \" data-hspacer=\"no_spacer\"  data-halign=\"center\" style=\"text-align:center\"><div class=\"uvc-heading-spacer no_spacer\" style=\"top\"><\/div><div class=\"uvc-main-heading ult-responsive\"  data-ultimate-target='.uvc-heading.ultimate-heading-544769f3bfc125736 p'  data-responsive-json-new='{\"font-size\":\"\",\"line-height\":\"\"}' ><p style=\"font-weight:normal;\">Lorem ipsum<\/p><\/div><div class=\"uvc-sub-heading ult-responsive\"  data-ultimate-target='.uvc-heading.ultimate-heading-544769f3bfc125736 .uvc-sub-heading '  data-responsive-json-new='{\"font-size\":\"\",\"line-height\":\"\"}'  style=\"font-weight:normal;\"><\/p>\n<h2 style=\"text-align: center;\">Legjobb \u00e1r garancia<\/h2>\n<p><\/div><\/div><div class=\"ult-spacer spacer-69f3bfc125767\" data-id=\"69f3bfc125767\" data-height=\"22\" data-height-mobile=\"22\" data-height-tab=\"22\" data-height-tab-portrait=\"\" data-height-mobile-landscape=\"\" style=\"clear:both;display:block;\"><\/div>[vc_separator color=&#8221;custom&#8221; el_width=&#8221;10&#8243; accent_color=&#8221;#cbaa5c&#8221;][vc_column_text]<\/p>\n<p style=\"text-align: center;\">Ha m\u00e1shol jobb \u00e1rat tal\u00e1l,<br \/>\n1 \u00e9jszak\u00e1t aj\u00e1nd\u00e9kba adunk!<\/p>\n<p>[\/vc_column_text]<div class=\"btn-align-center\"><a href=\"#\" class=\"default-btn-shortcode dt-btn dt-btn-m \" id=\"default-btn-1\"><span>\u00c1RKALKUL\u00c1CI\u00d3 \/ FOGLAL\u00c1S<\/span><\/a><\/div>[\/vc_column][\/vc_row][vc_row][vc_column]<div class=\"ult-spacer spacer-69f3bfc126022\" data-id=\"69f3bfc126022\" data-height=\"72\" data-height-mobile=\"72\" data-height-tab=\"72\" data-height-tab-portrait=\"\" data-height-mobile-landscape=\"\" style=\"clear:both;display:block;\"><\/div><div class=\"dt-photos-shortcode slider-wrapper shortcode-instagram dt-gallery-container arrows-light enable-mobile-arrows\" data-padding-side=\"35\" data-autoslide=\"false\" data-delay=\"0\" data-loop=\"false\"><div class=\"frame fullwidth-slider\"><ul class=\"clearfix\"><li class=\"fs-entry\">\n<article class=\"post post-138 attachment type-attachment status-inherit hentry no-img description-off\">\n\n\t<figure class=\"rollover-project links-hovers-disabled\">\n\t<a href=\"https:\/\/semiramishotel.hu\/wp-content\/uploads\/2018\/02\/Semiramis-Business-Hotel-standard-szoba-2-kulon-aggyal-2.jpg\" class=\"rollover rollover-zoom dt-pswp-item layzr-bg\"  data-dt-img-description=\"\"  data-large_image_width=\"1500\" data-large_image_height = \"998\" ><img loading=\"lazy\" decoding=\"async\" class=\"lazy-load preload-me\" src=\"data:image\/svg+xml,%3Csvg%20xmlns%3D&#39;http%3A%2F%2Fwww.w3.org%2F2000%2Fsvg&#39;%20viewBox%3D&#39;0%200%20315%20210&#39;%2F%3E\" data-src=\"https:\/\/semiramishotel.hu\/wp-content\/uploads\/2018\/02\/Semiramis-Business-Hotel-standard-szoba-2-kulon-aggyal-2-315x210.jpg\" data-srcset=\"https:\/\/semiramishotel.hu\/wp-content\/uploads\/2018\/02\/Semiramis-Business-Hotel-standard-szoba-2-kulon-aggyal-2-315x210.jpg 315w, https:\/\/semiramishotel.hu\/wp-content\/uploads\/2018\/02\/Semiramis-Business-Hotel-standard-szoba-2-kulon-aggyal-2-630x420.jpg 630w\" alt=\"Semiramis Business Hotel\" width=\"315\" height=\"210\"  \/><\/a>\t<\/figure>\n<\/article>\n\n<\/li><li class=\"fs-entry\">\n<article class=\"post post-139 attachment type-attachment status-inherit hentry no-img description-off\">\n\n\t<figure class=\"rollover-project links-hovers-disabled\">\n\t<a href=\"https:\/\/semiramishotel.hu\/wp-content\/uploads\/2018\/02\/Semiramis-Business-Hotel-standard-szoba-2-kulon-aggyal-3.jpg\" class=\"rollover rollover-zoom dt-pswp-item layzr-bg\"  data-dt-img-description=\"\"  data-large_image_width=\"1500\" data-large_image_height = \"964\" ><img loading=\"lazy\" decoding=\"async\" class=\"lazy-load preload-me\" src=\"data:image\/svg+xml,%3Csvg%20xmlns%3D&#39;http%3A%2F%2Fwww.w3.org%2F2000%2Fsvg&#39;%20viewBox%3D&#39;0%200%20326%20210&#39;%2F%3E\" data-src=\"https:\/\/semiramishotel.hu\/wp-content\/uploads\/2018\/02\/Semiramis-Business-Hotel-standard-szoba-2-kulon-aggyal-3-326x210.jpg\" data-srcset=\"https:\/\/semiramishotel.hu\/wp-content\/uploads\/2018\/02\/Semiramis-Business-Hotel-standard-szoba-2-kulon-aggyal-3-326x210.jpg 326w, https:\/\/semiramishotel.hu\/wp-content\/uploads\/2018\/02\/Semiramis-Business-Hotel-standard-szoba-2-kulon-aggyal-3-652x420.jpg 652w\" alt=\"Semiramis Business Hotel\" width=\"326\" height=\"210\"  \/><\/a>\t<\/figure>\n<\/article>\n\n<\/li><li class=\"fs-entry\">\n<article class=\"post post-140 attachment type-attachment status-inherit hentry no-img description-off\">\n\n\t<figure class=\"rollover-project links-hovers-disabled\">\n\t<a href=\"https:\/\/semiramishotel.hu\/wp-content\/uploads\/2018\/02\/Semiramis-Business-Hotel-standard-szoba-2-kulon-aggyal-1.jpg\" class=\"rollover rollover-zoom dt-pswp-item layzr-bg\"  data-dt-img-description=\"\"  data-large_image_width=\"1500\" data-large_image_height = \"1000\" ><img loading=\"lazy\" decoding=\"async\" class=\"lazy-load preload-me\" src=\"data:image\/svg+xml,%3Csvg%20xmlns%3D&#39;http%3A%2F%2Fwww.w3.org%2F2000%2Fsvg&#39;%20viewBox%3D&#39;0%200%20315%20210&#39;%2F%3E\" data-src=\"https:\/\/semiramishotel.hu\/wp-content\/uploads\/2018\/02\/Semiramis-Business-Hotel-standard-szoba-2-kulon-aggyal-1-315x210.jpg\" data-srcset=\"https:\/\/semiramishotel.hu\/wp-content\/uploads\/2018\/02\/Semiramis-Business-Hotel-standard-szoba-2-kulon-aggyal-1-315x210.jpg 315w, https:\/\/semiramishotel.hu\/wp-content\/uploads\/2018\/02\/Semiramis-Business-Hotel-standard-szoba-2-kulon-aggyal-1-630x420.jpg 630w\" alt=\"Semiramis Business Hotel\" width=\"315\" height=\"210\"  \/><\/a>\t<\/figure>\n<\/article>\n\n<\/li><li class=\"fs-entry\">\n<article class=\"post post-137 attachment type-attachment status-inherit hentry no-img description-off\">\n\n\t<figure class=\"rollover-project links-hovers-disabled\">\n\t<a href=\"https:\/\/semiramishotel.hu\/wp-content\/uploads\/2018\/06\/Semiramis-Business-Hotel-standard-szoba-2-kulon-aggyal-4.jpg\" class=\"rollover rollover-zoom dt-pswp-item layzr-bg\"  data-dt-img-description=\"\"  data-large_image_width=\"1500\" data-large_image_height = \"1006\" ><img loading=\"lazy\" decoding=\"async\" class=\"lazy-load preload-me\" src=\"data:image\/svg+xml,%3Csvg%20xmlns%3D&#39;http%3A%2F%2Fwww.w3.org%2F2000%2Fsvg&#39;%20viewBox%3D&#39;0%200%20313%20210&#39;%2F%3E\" data-src=\"https:\/\/semiramishotel.hu\/wp-content\/uploads\/2018\/06\/Semiramis-Business-Hotel-standard-szoba-2-kulon-aggyal-4-313x210.jpg\" data-srcset=\"https:\/\/semiramishotel.hu\/wp-content\/uploads\/2018\/06\/Semiramis-Business-Hotel-standard-szoba-2-kulon-aggyal-4-313x210.jpg 313w, https:\/\/semiramishotel.hu\/wp-content\/uploads\/2018\/06\/Semiramis-Business-Hotel-standard-szoba-2-kulon-aggyal-4-626x420.jpg 626w\" alt=\"Semiramis Business Hotel\" width=\"313\" height=\"210\"  \/><\/a>\t<\/figure>\n<\/article>\n\n<\/li><\/ul><\/div><div class=\"prev\"><i><\/i><\/div><div class=\"next\"><i><\/i><\/div><\/div>[\/vc_column][\/vc_row]<\/p>\n","protected":false},"excerpt":{"rendered":"<p>[vc_row][vc_column width=&#8221;2\/3&#8243;][vc_separator color=&#8221;custom&#8221; align=&#8221;align_left&#8221; el_width=&#8221;10&#8243; accent_color=&#8221;#cbaa5c&#8221;][vc_column_text]A 2 k\u00fcl\u00f6n \u00e1ggyal rendelkez\u0151 standard szob\u00e1ink optim\u00e1lisak az \u00fczleti t\u00e1rgyal\u00e1sra \u00e9rkez\u0151 koll\u00e9g\u00e1k sz\u00e1m\u00e1ra. A szoba berendez\u00e9sei \u00e9s kialak\u00edt\u00e1sa is k\u00e9t f\u0151 sz\u00e1m\u00e1ra k\u00e9sz\u00fclt, gyors internetkapcsolattal rendelkezik, \u00edgy semmi nem g\u00e1tolja a hat\u00e9kony munkav\u00e9gz\u00e9st. Tov\u00e1bbi felszerelts\u00e9gekhez tartozik a l\u00e9gkondicion\u00e1l\u00f3, a s\u00edkk\u00e9perny\u0151s TV, valamint egy terasz.[\/vc_column_text][\/vc_column][vc_column width=&#8221;1\/3&#8243; css=&#8221;.vc_custom_1519815974557{padding-bottom: 30px !important;background-color: #f4f6f8&hellip;<\/p>\n","protected":false},"author":1,"featured_media":0,"parent":7,"menu_order":0,"comment_status":"closed","ping_status":"closed","template":"","meta":[],"class_list":["post-105","page","type-page","status-publish","hentry","description-off"],"yoast_head":"<!-- This site is optimized with the Yoast SEO plugin v24.7 - https:\/\/yoast.com\/wordpress\/plugins\/seo\/ -->\n<title>Standard szoba 2 k\u00fcl\u00f6n \u00e1ggyal - Semiramis Hotel<\/title>\n<meta name=\"robots\" content=\"index, follow, max-snippet:-1, max-image-preview:large, max-video-preview:-1\" \/>\n<link rel=\"canonical\" href=\"https:\/\/semiramishotel.hu\/hu\/szobak\/standard-szoba-2-kulon-aggyal\/\" \/>\n<meta property=\"og:locale\" content=\"hu_HU\" \/>\n<meta property=\"og:type\" content=\"article\" \/>\n<meta property=\"og:title\" content=\"Standard szoba 2 k\u00fcl\u00f6n \u00e1ggyal - Semiramis Hotel\" \/>\n<meta property=\"og:description\" content=\"[vc_row][vc_column width=&#8221;2\/3&#8243;][vc_separator color=&#8221;custom&#8221; align=&#8221;align_left&#8221; el_width=&#8221;10&#8243; accent_color=&#8221;#cbaa5c&#8221;][vc_column_text]A 2 k\u00fcl\u00f6n \u00e1ggyal rendelkez\u0151 standard szob\u00e1ink optim\u00e1lisak az \u00fczleti t\u00e1rgyal\u00e1sra \u00e9rkez\u0151 koll\u00e9g\u00e1k sz\u00e1m\u00e1ra. A szoba berendez\u00e9sei \u00e9s kialak\u00edt\u00e1sa is k\u00e9t f\u0151 sz\u00e1m\u00e1ra k\u00e9sz\u00fclt, gyors internetkapcsolattal rendelkezik, \u00edgy semmi nem g\u00e1tolja a hat\u00e9kony munkav\u00e9gz\u00e9st. Tov\u00e1bbi felszerelts\u00e9gekhez tartozik a l\u00e9gkondicion\u00e1l\u00f3, a s\u00edkk\u00e9perny\u0151s TV, valamint egy terasz.[\/vc_column_text][\/vc_column][vc_column width=&#8221;1\/3&#8243; css=&#8221;.vc_custom_1519815974557{padding-bottom: 30px !important;background-color: #f4f6f8&hellip;\" \/>\n<meta property=\"og:url\" content=\"https:\/\/semiramishotel.hu\/hu\/szobak\/standard-szoba-2-kulon-aggyal\/\" \/>\n<meta property=\"og:site_name\" content=\"Semiramis Hotel\" \/>\n<meta property=\"article:modified_time\" content=\"2018-06-27T07:30:01+00:00\" \/>\n<meta name=\"twitter:card\" content=\"summary_large_image\" \/>\n<meta name=\"twitter:label1\" content=\"Becs\u00fclt olvas\u00e1si id\u0151\" \/>\n\t<meta name=\"twitter:data1\" content=\"1 perc\" \/>\n<script type=\"application\/ld+json\" class=\"yoast-schema-graph\">{\"@context\":\"https:\/\/schema.org\",\"@graph\":[{\"@type\":\"WebPage\",\"@id\":\"https:\/\/semiramishotel.hu\/hu\/szobak\/standard-szoba-2-kulon-aggyal\/\",\"url\":\"https:\/\/semiramishotel.hu\/hu\/szobak\/standard-szoba-2-kulon-aggyal\/\",\"name\":\"Standard szoba 2 k\u00fcl\u00f6n \u00e1ggyal - Semiramis Hotel\",\"isPartOf\":{\"@id\":\"https:\/\/semiramishotel.hu\/#website\"},\"datePublished\":\"2018-03-26T17:20:53+00:00\",\"dateModified\":\"2018-06-27T07:30:01+00:00\",\"breadcrumb\":{\"@id\":\"https:\/\/semiramishotel.hu\/hu\/szobak\/standard-szoba-2-kulon-aggyal\/#breadcrumb\"},\"inLanguage\":\"hu\",\"potentialAction\":[{\"@type\":\"ReadAction\",\"target\":[\"https:\/\/semiramishotel.hu\/hu\/szobak\/standard-szoba-2-kulon-aggyal\/\"]}]},{\"@type\":\"BreadcrumbList\",\"@id\":\"https:\/\/semiramishotel.hu\/hu\/szobak\/standard-szoba-2-kulon-aggyal\/#breadcrumb\",\"itemListElement\":[{\"@type\":\"ListItem\",\"position\":1,\"name\":\"Home\",\"item\":\"https:\/\/semiramishotel.hu\/hu\/\"},{\"@type\":\"ListItem\",\"position\":2,\"name\":\"Szob\u00e1k\",\"item\":\"https:\/\/semiramishotel.hu\/hu\/szobak\/\"},{\"@type\":\"ListItem\",\"position\":3,\"name\":\"Standard szoba 2 k\u00fcl\u00f6n \u00e1ggyal\"}]},{\"@type\":\"WebSite\",\"@id\":\"https:\/\/semiramishotel.hu\/#website\",\"url\":\"https:\/\/semiramishotel.hu\/\",\"name\":\"Semiramis Hotel\",\"description\":\"... egy \u00fajabb WordPress honlap...\",\"potentialAction\":[{\"@type\":\"SearchAction\",\"target\":{\"@type\":\"EntryPoint\",\"urlTemplate\":\"https:\/\/semiramishotel.hu\/?s={search_term_string}\"},\"query-input\":{\"@type\":\"PropertyValueSpecification\",\"valueRequired\":true,\"valueName\":\"search_term_string\"}}],\"inLanguage\":\"hu\"}]}<\/script>\n<!-- \/ Yoast SEO plugin. -->","yoast_head_json":{"title":"Standard szoba 2 k\u00fcl\u00f6n \u00e1ggyal - Semiramis Hotel","robots":{"index":"index","follow":"follow","max-snippet":"max-snippet:-1","max-image-preview":"max-image-preview:large","max-video-preview":"max-video-preview:-1"},"canonical":"https:\/\/semiramishotel.hu\/hu\/szobak\/standard-szoba-2-kulon-aggyal\/","og_locale":"hu_HU","og_type":"article","og_title":"Standard szoba 2 k\u00fcl\u00f6n \u00e1ggyal - Semiramis Hotel","og_description":"[vc_row][vc_column width=&#8221;2\/3&#8243;][vc_separator color=&#8221;custom&#8221; align=&#8221;align_left&#8221; el_width=&#8221;10&#8243; accent_color=&#8221;#cbaa5c&#8221;][vc_column_text]A 2 k\u00fcl\u00f6n \u00e1ggyal rendelkez\u0151 standard szob\u00e1ink optim\u00e1lisak az \u00fczleti t\u00e1rgyal\u00e1sra \u00e9rkez\u0151 koll\u00e9g\u00e1k sz\u00e1m\u00e1ra. A szoba berendez\u00e9sei \u00e9s kialak\u00edt\u00e1sa is k\u00e9t f\u0151 sz\u00e1m\u00e1ra k\u00e9sz\u00fclt, gyors internetkapcsolattal rendelkezik, \u00edgy semmi nem g\u00e1tolja a hat\u00e9kony munkav\u00e9gz\u00e9st. Tov\u00e1bbi felszerelts\u00e9gekhez tartozik a l\u00e9gkondicion\u00e1l\u00f3, a s\u00edkk\u00e9perny\u0151s TV, valamint egy terasz.[\/vc_column_text][\/vc_column][vc_column width=&#8221;1\/3&#8243; css=&#8221;.vc_custom_1519815974557{padding-bottom: 30px !important;background-color: #f4f6f8&hellip;","og_url":"https:\/\/semiramishotel.hu\/hu\/szobak\/standard-szoba-2-kulon-aggyal\/","og_site_name":"Semiramis Hotel","article_modified_time":"2018-06-27T07:30:01+00:00","twitter_card":"summary_large_image","twitter_misc":{"Becs\u00fclt olvas\u00e1si id\u0151":"1 perc"},"schema":{"@context":"https:\/\/schema.org","@graph":[{"@type":"WebPage","@id":"https:\/\/semiramishotel.hu\/hu\/szobak\/standard-szoba-2-kulon-aggyal\/","url":"https:\/\/semiramishotel.hu\/hu\/szobak\/standard-szoba-2-kulon-aggyal\/","name":"Standard szoba 2 k\u00fcl\u00f6n \u00e1ggyal - Semiramis Hotel","isPartOf":{"@id":"https:\/\/semiramishotel.hu\/#website"},"datePublished":"2018-03-26T17:20:53+00:00","dateModified":"2018-06-27T07:30:01+00:00","breadcrumb":{"@id":"https:\/\/semiramishotel.hu\/hu\/szobak\/standard-szoba-2-kulon-aggyal\/#breadcrumb"},"inLanguage":"hu","potentialAction":[{"@type":"ReadAction","target":["https:\/\/semiramishotel.hu\/hu\/szobak\/standard-szoba-2-kulon-aggyal\/"]}]},{"@type":"BreadcrumbList","@id":"https:\/\/semiramishotel.hu\/hu\/szobak\/standard-szoba-2-kulon-aggyal\/#breadcrumb","itemListElement":[{"@type":"ListItem","position":1,"name":"Home","item":"https:\/\/semiramishotel.hu\/hu\/"},{"@type":"ListItem","position":2,"name":"Szob\u00e1k","item":"https:\/\/semiramishotel.hu\/hu\/szobak\/"},{"@type":"ListItem","position":3,"name":"Standard szoba 2 k\u00fcl\u00f6n \u00e1ggyal"}]},{"@type":"WebSite","@id":"https:\/\/semiramishotel.hu\/#website","url":"https:\/\/semiramishotel.hu\/","name":"Semiramis Hotel","description":"... egy \u00fajabb WordPress honlap...","potentialAction":[{"@type":"SearchAction","target":{"@type":"EntryPoint","urlTemplate":"https:\/\/semiramishotel.hu\/?s={search_term_string}"},"query-input":{"@type":"PropertyValueSpecification","valueRequired":true,"valueName":"search_term_string"}}],"inLanguage":"hu"}]}},"_links":{"self":[{"href":"https:\/\/semiramishotel.hu\/hu\/wp-json\/wp\/v2\/pages\/105\/"}],"collection":[{"href":"https:\/\/semiramishotel.hu\/hu\/wp-json\/wp\/v2\/pages\/"}],"about":[{"href":"https:\/\/semiramishotel.hu\/hu\/wp-json\/wp\/v2\/types\/page\/"}],"author":[{"embeddable":true,"href":"https:\/\/semiramishotel.hu\/hu\/wp-json\/wp\/v2\/users\/1\/"}],"replies":[{"embeddable":true,"href":"https:\/\/semiramishotel.hu\/hu\/wp-json\/wp\/v2\/comments\/?post=105"}],"version-history":[{"count":5,"href":"https:\/\/semiramishotel.hu\/hu\/wp-json\/wp\/v2\/pages\/105\/revisions\/"}],"predecessor-version":[{"id":141,"href":"https:\/\/semiramishotel.hu\/hu\/wp-json\/wp\/v2\/pages\/105\/revisions\/141\/"}],"up":[{"embeddable":true,"href":"https:\/\/semiramishotel.hu\/hu\/wp-json\/wp\/v2\/pages\/7\/"}],"wp:attachment":[{"href":"https:\/\/semiramishotel.hu\/hu\/wp-json\/wp\/v2\/media\/?parent=105"}],"curies":[{"name":"wp","href":"https:\/\/api.w.org\/{rel}","templated":true}]}}